{"id":974,"date":"2026-02-16T19:07:59","date_gmt":"2026-02-17T01:07:59","guid":{"rendered":"https:\/\/immersivalab.com\/?page_id=974"},"modified":"2026-04-01T10:05:15","modified_gmt":"2026-04-01T16:05:15","slug":"masters-of-sound","status":"publish","type":"page","link":"https:\/\/immersivalab.com\/proeducation\/masters-of-sound\/","title":{"rendered":"Masters of Sound &#8211; Regional Mexicano"},"content":{"rendered":"<p>[et_pb_section fb_built=&#8221;1&#8243; admin_label=&#8221;Secci\u00f3n&#8221; _builder_version=&#8221;4.27.4&#8243; _module_preset=&#8221;default&#8221; background_color=&#8221;#4c0177&#8243; height=&#8221;100px&#8221; locked=&#8221;off&#8221; global_colors_info=&#8221;{}&#8221;][et_pb_row _builder_version=&#8221;4.27.4&#8243; _module_preset=&#8221;default&#8221; global_colors_info=&#8221;{}&#8221;][et_pb_column type=&#8221;4_4&#8243; _builder_version=&#8221;4.27.4&#8243; _module_preset=&#8221;default&#8221; global_colors_info=&#8221;{}&#8221;][et_pb_menu active_link_color=&#8221;#FFFFFF&#8221; logo=&#8221;https:\/\/immersivalab.com\/proeducation\/wp-content\/uploads\/2026\/03\/Diseno-sin-titulo-1-scaled.png&#8221; logo_width=&#8221;25%&#8221; logo_width_tablet=&#8221;25%&#8221; logo_width_phone=&#8221;70%&#8221; logo_width_last_edited=&#8221;on|phone&#8221; logo_max_width_tablet=&#8221;&#8221; logo_max_width_phone=&#8221;69%&#8221; logo_max_width_last_edited=&#8221;on|phone&#8221; logo_height_tablet=&#8221;&#8221; logo_height_phone=&#8221;&#8221; logo_height_last_edited=&#8221;on|phone&#8221; _builder_version=&#8221;4.27.4&#8243; _module_preset=&#8221;default&#8221; menu_text_color=&#8221;#FFFFFF&#8221; background_color=&#8221;RGBA(255,255,255,0)&#8221; text_orientation=&#8221;right&#8221; width_tablet=&#8221;&#8221; width_phone=&#8221;100%&#8221; width_last_edited=&#8221;on|phone&#8221; max_width_tablet=&#8221;&#8221; max_width_phone=&#8221;100%&#8221; max_width_last_edited=&#8221;on|phone&#8221; min_height_tablet=&#8221;&#8221; min_height_phone=&#8221;&#8221; min_height_last_edited=&#8221;on|phone&#8221; height_tablet=&#8221;&#8221; height_phone=&#8221;100px&#8221; height_last_edited=&#8221;on|phone&#8221; max_height_tablet=&#8221;&#8221; max_height_phone=&#8221;&#8221; max_height_last_edited=&#8221;on|phone&#8221; custom_margin=&#8221;-70px||||false|false&#8221; custom_margin_tablet=&#8221;-70px||||false|false&#8221; custom_margin_phone=&#8221;-51px||||false|false&#8221; custom_margin_last_edited=&#8221;on|phone&#8221; custom_padding=&#8221;||||false|false&#8221; module_alignment_tablet=&#8221;&#8221; module_alignment_phone=&#8221;center&#8221; module_alignment_last_edited=&#8221;on|phone&#8221; global_colors_info=&#8221;{}&#8221;][\/et_pb_menu][\/et_pb_column][\/et_pb_row][\/et_pb_section][et_pb_section fb_built=&#8221;1&#8243; _builder_version=&#8221;4.27.4&#8243; _module_preset=&#8221;default&#8221; background_image=&#8221;https:\/\/immersivalab.com\/proeducation\/wp-content\/uploads\/2026\/03\/Diseno-sin-titulo-1-1.png&#8221; parallax=&#8221;on&#8221; background_blend=&#8221;darken&#8221; custom_css_free_form=&#8221;\/* Speakers &#8211; Masters of Sound *\/||.mos-speaker {||  padding: 26px 28px;||  border-radius: 18px;||  background: linear-gradient(||    135deg,||    rgba(49, 8, 84, 0.85),||    rgba(0, 12, 20, 0.92)||  );||  border: 1px solid rgba(244, 113, 255, 0.18);||  backdrop-filter: blur(6px);||}||||.mos-speaker h3 {||  margin: 0 0 4px 0;||  font-weight: 800;||  letter-spacing: 0.4px;||  color: #ffffff;||}||||.mos-role {||  margin: 0 0 14px 0;||  font-size: 14px;||  letter-spacing: 0.8px;||  text-transform: uppercase;||  color: #f471ff;||}||||.mos-speaker p {||  margin: 0 0 12px 0;||  line-height: 1.65;||  color: rgba(255, 255, 255, 0.86);||}||||.mos-speaker p strong {||  color: #ffffff;||}||&#8221; locked=&#8221;off&#8221; global_colors_info=&#8221;{}&#8221;][et_pb_row _builder_version=&#8221;4.27.4&#8243; _module_preset=&#8221;default&#8221; custom_css_free_form=&#8221;\/* Fondo Masters of Sound *\/||.mos-bg {||  background: linear-gradient(||    135deg,||    rgba(49, 8, 84, 0.85),||    rgba(0, 12, 20, 0.92)||  );||  border-radius: 18px;||  border: 1px solid rgba(244, 113, 255, 0.18);||}||&#8221; global_colors_info=&#8221;{}&#8221;][et_pb_column type=&#8221;4_4&#8243; _builder_version=&#8221;4.27.4&#8243; _module_preset=&#8221;default&#8221; global_colors_info=&#8221;{}&#8221;][et_pb_image src=&#8221;https:\/\/immersivalab.com\/proeducation\/wp-content\/uploads\/2026\/03\/Mos.png&#8221; title_text=&#8221;Mos&#8221; _builder_version=&#8221;4.27.4&#8243; _module_preset=&#8221;default&#8221; background_color=&#8221;RGBA(255,255,255,0)&#8221; background_enable_image=&#8221;off&#8221; parallax=&#8221;on&#8221; background_blend=&#8221;multiply&#8221; custom_css_free_form=&#8221;\/* Fondo Masters of Sound *\/||.mos-bg {||  background: linear-gradient(||    135deg,||    rgba(49, 8, 84, 0.85),||    rgba(0, 12, 20, 0.92)||  );||  border-radius: 18px;||  border: 1px solid rgba(244, 113, 255, 0.18);||}||&#8221; global_colors_info=&#8221;{}&#8221;][\/et_pb_image][et_pb_code _builder_version=&#8221;4.27.4&#8243; _module_preset=&#8221;default&#8221; custom_css_free_form=&#8221;\/* Masters of Sound &#8211; bloque editorial *\/||.mos-editorial{||  margin: 0 auto 26px auto;||  max-width: 920px;||  text-align: center;||}||||.mos-editorial-lead{||  margin: 0 0 12px 0;||  font-size: 28px;||  line-height: 1.2;||  font-weight: 900;||  letter-spacing: 0.4px;||  color: #ffffff;||}||||.mos-editorial-body{||  margin: 0;||  font-size: 17px;||  line-height: 1.65;||  color: rgba(255,255,255,.9);||}||||.mos-editorial-body strong{||  color: #f471ff;||}||||&#8221; global_colors_info=&#8221;{}&#8221;]<!-- DIVI: Bloque editorial Masters of Sound --><!-- [et_pb_line_break_holder] --><\/p>\n<div class=\"mos-editorial\"><!-- [et_pb_line_break_holder] -->  <pee class=\"mos-editorial-lead\"><!-- [et_pb_line_break_holder] -->    Conoce y conversa con las voces que han marcado la mezcla del sonido en el regional mexicano.<!-- [et_pb_line_break_holder] -->  <\/pee><!-- [et_pb_line_break_holder] --><!-- [et_pb_line_break_holder] -->  <pee class=\"mos-editorial-body\"><!-- [et_pb_line_break_holder] -->    <strong>Masters of Sound<\/strong> es un espacio para escuchar, dialogar y comprender, de primera mano, c\u00f3mo trabajan, c\u00f3mo toman decisiones y c\u00f3mo construyen el sonido los ingenieros que han revolucionado la mezcla del regional mexicano, responsables de producciones certificadas con discos de oro y platino, marcando el est\u00e1ndar de calidad en la industria.<!-- [et_pb_line_break_holder] -->  <\/pee><!-- [et_pb_line_break_holder] --><\/div>\n<p><!-- [et_pb_line_break_holder] -->[\/et_pb_code][et_pb_button button_url=&#8221;http:\/\/wa.me\/525574168513?text=Quiero%20inscribirme%20a%20Masters%20Of%20Sound&#8221; button_text=&#8221;\u00a1Inscr\u00edbete ya!&#8221; button_alignment=&#8221;center&#8221; _builder_version=&#8221;4.27.4&#8243; _module_preset=&#8221;default&#8221; custom_button=&#8221;on&#8221; button_text_color=&#8221;#FFFFFF&#8221; button_bg_color=&#8221;rgba(131,0,233,0.56)&#8221; button_border_color=&#8221;RGBA(255,255,255,0)&#8221; global_colors_info=&#8221;{}&#8221;][\/et_pb_button][\/et_pb_column][\/et_pb_row][et_pb_row column_structure=&#8221;1_2,1_2&#8243; _builder_version=&#8221;4.27.4&#8243; _module_preset=&#8221;default&#8221; global_colors_info=&#8221;{}&#8221;][et_pb_column type=&#8221;1_2&#8243; _builder_version=&#8221;4.27.4&#8243; _module_preset=&#8221;default&#8221; global_colors_info=&#8221;{}&#8221;][et_pb_image src=&#8221;https:\/\/immersivalab.com\/proeducation\/wp-content\/uploads\/2026\/03\/7-1.png&#8221; title_text=&#8221;7&#8243; _builder_version=&#8221;4.27.4&#8243; _module_preset=&#8221;default&#8221; global_colors_info=&#8221;{}&#8221;][\/et_pb_image][et_pb_code _builder_version=&#8221;4.27.4&#8243; _module_preset=&#8221;default&#8221; custom_css_free_form=&#8221;\/* Speakers &#8211; Masters of Sound *\/||.mos-speaker {||  padding: 26px 28px;||  border-radius: 18px;||  background: linear-gradient(||    135deg,||    rgba(49, 8, 84, 0.85),||    rgba(0, 12, 20, 0.92)||  );||  border: 1px solid rgba(244, 113, 255, 0.18);||  backdrop-filter: blur(6px);||}||||.mos-speaker h3 {||  margin: 0 0 4px 0;||  font-weight: 800;||  letter-spacing: 0.4px;||  color: #ffffff;||}||||.mos-role {||  margin: 0 0 14px 0;||  font-size: 14px;||  letter-spacing: 0.8px;||  text-transform: uppercase;||  color: #f471ff;||}||||.mos-speaker p {||  margin: 0 0 12px 0;||  line-height: 1.65;||  color: rgba(255, 255, 255, 0.86);||}||||.mos-speaker p strong {||  color: #ffffff;||}||&#8221; global_colors_info=&#8221;{}&#8221;]<\/p>\n<div class=\"mos-speaker\"><!-- [et_pb_line_break_holder] -->  <\/p>\n<h3>Carlos \u201cChapis\u201d Joel Romero Jr<\/h3>\n<p><!-- [et_pb_line_break_holder] -->  <pee class=\"mos-role\">Ingeniero de mezcla<\/pee><!-- [et_pb_line_break_holder] --><!-- [et_pb_line_break_holder] -->  <pee><!-- [et_pb_line_break_holder] -->    Ingeniero de mezcla con base en Los Angeles, reconocido por su s\u00f3lida participaci\u00f3n en proyectos de alto impacto dentro del regional mexicano. Con m\u00e1s de <strong> 500 cr\u00e9ditos y 5B streams <\/strong>, su trayectoria incluye <strong> dos discos de platino junto a Fuerza Regida por Marlboro Rojo y Caperuza <\/strong> , as\u00ed como <strong> discos de oro por Tu Vato de Jorsshh y Pues Qu\u00e9 Le Hago? de Chuyin,<\/strong> consolidando su impacto en la industria y en plataformas digitales.<!-- [et_pb_line_break_holder] -->  <\/pee><!-- [et_pb_line_break_holder] --><!-- [et_pb_line_break_holder] -->  <pee><!-- [et_pb_line_break_holder] -->    Ha contribuido en roles de grabaci\u00f3n y mezcla en producciones de <strong> Fuerza Regida, Calle 24, Oscar Maydon, Chinito Pacas para el sello Street Mob Records <\/strong> con gran \u00e9xito en plataformas digitales. Se caracteriza por su enfoque creativo e impecable para llevar el sonido de los artistas a niveles competitivos a nivel mundial.<!-- [et_pb_line_break_holder] --><!-- [et_pb_line_break_holder] -->  <\/pee><!-- [et_pb_line_break_holder] --><\/div>\n<p><!-- [et_pb_line_break_holder] -->[\/et_pb_code][\/et_pb_column][et_pb_column type=&#8221;1_2&#8243; _builder_version=&#8221;4.27.4&#8243; _module_preset=&#8221;default&#8221; global_colors_info=&#8221;{}&#8221;][et_pb_image src=&#8221;https:\/\/immersivalab.com\/proeducation\/wp-content\/uploads\/2026\/03\/8-1.png&#8221; title_text=&#8221;8&#8243; _builder_version=&#8221;4.27.4&#8243; _module_preset=&#8221;default&#8221; global_colors_info=&#8221;{}&#8221;][\/et_pb_image][et_pb_code _builder_version=&#8221;4.27.4&#8243; _module_preset=&#8221;default&#8221; custom_css_free_form=&#8221;\/* Speakers &#8211; Masters of Sound *\/||.mos-speaker {||  padding: 26px 28px;||  border-radius: 18px;||  background: linear-gradient(||    135deg,||    rgba(49, 8, 84, 0.85),||    rgba(0, 12, 20, 0.92)||  );||  border: 1px solid rgba(244, 113, 255, 0.18);||  backdrop-filter: blur(6px);||}||||.mos-speaker h3 {||  margin: 0 0 4px 0;||  font-weight: 800;||  letter-spacing: 0.4px;||  color: #ffffff;||}||||.mos-role {||  margin: 0 0 14px 0;||  font-size: 14px;||  letter-spacing: 0.8px;||  text-transform: uppercase;||  color: #f471ff;||}||||.mos-speaker p {||  margin: 0 0 12px 0;||  line-height: 1.65;||  color: rgba(255, 255, 255, 0.86);||}||||.mos-speaker p strong {||  color: #ffffff;||}||&#8221; global_colors_info=&#8221;{}&#8221;]<\/p>\n<div class=\"mos-speaker\"><!-- [et_pb_line_break_holder] -->  <\/p>\n<h3>Mijael Guti\u00e9rrez<\/h3>\n<p><!-- [et_pb_line_break_holder] -->  <pee class=\"mos-role\">Ingeniero de mezcla en audio inmersivo<\/pee><!-- [et_pb_line_break_holder] --><!-- [et_pb_line_break_holder] -->  <pee><!-- [et_pb_line_break_holder] -->    Con una trayectoria s\u00f3lida respaldada por d\u00e9cadas de experiencia, Mijael se ha consolidado como un referente en la mezcla del regional mexicano. Ha sido pieza clave en el desarrollo del sonido inmersivo de artistas como <strong> Grupo Marca Registrada, Luis R Conriquez, Xavi y Eme Malafe, <\/strong> aportando identidad, fuerza y calidad a producciones que hoy lideran las plataformas digitales. Su trabajo combina precisi\u00f3n t\u00e9cnica, sensibilidad creativa y una visi\u00f3n estrat\u00e9gica hacia el futuro, elevando cada proyecto a un est\u00e1ndar profesional de alto nivel.<!-- [et_pb_line_break_holder] -->  <\/pee><!-- [et_pb_line_break_holder] --><!-- [et_pb_line_break_holder] -->  <pee><!-- [et_pb_line_break_holder] -->   Su dominio del audio inmersivo lo posiciona como un <strong> l\u00edder en la mezcla <\/strong> en formatos como Dolby Atmos y Eclipsa Audio. <!-- [et_pb_line_break_holder] -->Su trabajo combina sensibilidad art\u00edstica y precisi\u00f3n t\u00e9cnica, lo que le ha valido reconocimiento en la industria. Su trayectoria est\u00e1 respaldada por discos de platino en <strong>Viernes 13 de Luis R. Conriquez<\/strong> y discos de oro en producciones como <strong> Supercharged de Grupo Marca Registrada, Brabus de Eme Mala Fe y M\u00edrame Feliz de Xavi junto a Belinda, <\/strong> consolidando su impacto en plataformas digitales.Su constante exploraci\u00f3n creativa lo mantiene a la vanguardia, marcando tendencia en la ingenier\u00eda de audio actual.<!-- [et_pb_line_break_holder] --><!-- [et_pb_line_break_holder] -->  <\/pee><!-- [et_pb_line_break_holder] --><\/div>\n<p><!-- [et_pb_line_break_holder] -->[\/et_pb_code][\/et_pb_column][\/et_pb_row][et_pb_row column_structure=&#8221;2_5,3_5&#8243; _builder_version=&#8221;4.27.4&#8243; _module_preset=&#8221;default&#8221; global_colors_info=&#8221;{}&#8221;][et_pb_column type=&#8221;2_5&#8243; _builder_version=&#8221;4.27.4&#8243; _module_preset=&#8221;default&#8221; global_colors_info=&#8221;{}&#8221;][et_pb_code _builder_version=&#8221;4.27.4&#8243; _module_preset=&#8221;default&#8221; global_colors_info=&#8221;{}&#8221;]<!-- DIVI: Lugar del evento --><!-- [et_pb_line_break_holder] --><\/p>\n<div class=\"mos-event-info\"><!-- [et_pb_line_break_holder] -->  <\/p>\n<h3>Lugar<\/h3>\n<p><!-- [et_pb_line_break_holder] --><!-- [et_pb_line_break_holder] -->  <pee class=\"mos-event-dates\"><!-- [et_pb_line_break_holder] -->    Coyoac\u00e1n, CDMX<!-- [et_pb_line_break_holder] -->  <\/pee><!-- [et_pb_line_break_holder] --><\/div>\n<p><!-- [et_pb_line_break_holder] -->[\/et_pb_code][\/et_pb_column][et_pb_column type=&#8221;3_5&#8243; _builder_version=&#8221;4.27.4&#8243; _module_preset=&#8221;default&#8221; global_colors_info=&#8221;{}&#8221;][et_pb_code _builder_version=&#8221;4.27.4&#8243; _module_preset=&#8221;default&#8221; custom_css_free_form=&#8221;\/* Masters of Sound &#8211; Informaci\u00f3n del evento *\/||.mos-event-info{||  margin: 0 auto 24px auto;||  max-width: 640px;||  text-align: center;||}||||.mos-event-info h3{||  margin: 0 0 12px 0;||  font-weight: 800;||  letter-spacing: 0.4px;||  color: #ffffff;||  font-size: 22px;||}||||.mos-event-dates{||  margin: 0 0 6px 0;||  font-size: 18px;||  font-weight: 700;||  color: #f471ff;||}||||.mos-event-time{||  margin: 0;||  font-size: 16px;||  color: rgba(255,255,255,.86);||}||&#8221; global_colors_info=&#8221;{}&#8221;]<!-- DIVI: Informaci\u00f3n del evento --><!-- [et_pb_line_break_holder] --><\/p>\n<div class=\"mos-event-info\"><!-- [et_pb_line_break_holder] -->  <\/p>\n<h3>Fechas y horario<\/h3>\n<p><!-- [et_pb_line_break_holder] --><!-- [et_pb_line_break_holder] -->  <pee class=\"mos-event-dates\"><!-- [et_pb_line_break_holder] -->    22, 23 y 24 de abril de 2026<!-- [et_pb_line_break_holder] -->  <\/pee><!-- [et_pb_line_break_holder] --><!-- [et_pb_line_break_holder] -->  <pee class=\"mos-event-time\"><!-- [et_pb_line_break_holder] -->    12:00 h \u2013 18:00 h<!-- [et_pb_line_break_holder] -->  <\/pee><!-- [et_pb_line_break_holder] --><\/div>\n<p><!-- [et_pb_line_break_holder] -->[\/et_pb_code][\/et_pb_column][\/et_pb_row][et_pb_row column_structure=&#8221;1_3,1_3,1_3&#8243; _builder_version=&#8221;4.27.4&#8243; _module_preset=&#8221;default&#8221; global_colors_info=&#8221;{}&#8221;][et_pb_column type=&#8221;1_3&#8243; _builder_version=&#8221;4.27.4&#8243; _module_preset=&#8221;default&#8221; global_colors_info=&#8221;{}&#8221;][et_pb_code _builder_version=&#8221;4.27.4&#8243; _module_preset=&#8221;default&#8221; custom_css_free_form=&#8221;\/* Masters of Sound &#8211; Agenda \/ Temario *\/||.mos-agenda{||  margin: 0 auto 28px auto;||  max-width: 820px;||  padding: 28px 26px;||  border-radius: 18px;||||  background-color: #000c14;||  background-image: linear-gradient(||    135deg,||    rgba(49, 8, 84, 0.9),||    rgba(0, 12, 20, 0.95)||  );||||  border: 1px solid rgba(244, 113, 255, 0.18);||  box-shadow: 0px 18px 40px rgba(0, 0, 0, 0.45);||}||||\/* Header *\/||.mos-agenda-header{||  margin-bottom: 16px;||  text-align: center;||}||||.mos-agenda-date{||  margin: 0 0 6px 0;||  font-weight: 800;||  letter-spacing: 0.6px;||  text-transform: uppercase;||  color: #f471ff;||  font-size: 14px;||}||||.mos-agenda-title{||  margin: 0 0 6px 0;||  font-weight: 800;||  color: #ffffff;||  font-size: 22px;||  line-height: 1.3;||}||||.mos-agenda-speaker{||  margin: 0;||  font-size: 15px;||  color: rgba(255,255,255,.85);||}||||\/* Lista *\/||.mos-agenda-list{||  margin: 18px 0 0 0;||  padding-left: 18px;||  color: rgba(255,255,255,.88);||}||||.mos-agenda-list li{||  margin-bottom: 10px;||  line-height: 1.55;||}||&#8221; global_colors_info=&#8221;{}&#8221;]<!-- DIVI: Temario 18 de febrero --><!-- [et_pb_line_break_holder] --><\/p>\n<div class=\"mos-agenda\"><!-- [et_pb_line_break_holder] -->  <\/p>\n<div class=\"mos-agenda-header\"><!-- [et_pb_line_break_holder] -->    <pee class=\"mos-agenda-date\">22 de abril<\/pee><!-- [et_pb_line_break_holder] -->    <\/p>\n<h3 class=\"mos-agenda-title\">Mezcla de Regional Mexicano con alcance internacional<\/h3>\n<p><!-- [et_pb_line_break_holder] -->    <pee class=\"mos-agenda-speaker\">Ponente: Carlos \u201cChapis\u201d Joel Romero Jr<\/pee><!-- [et_pb_line_break_holder] -->  <\/div>\n<p><!-- [et_pb_line_break_holder] --><!-- [et_pb_line_break_holder] -->  <\/p>\n<ul class=\"mos-agenda-list\"><!-- [et_pb_line_break_holder] -->    <\/p>\n<li><strong> \u00bfQui\u00e9n es Chapis? \u00bfQu\u00e9 ha hecho Chapis?: <\/strong> Trayectoria, visi\u00f3n y experiencia de uno de los productores clave en la escena.<!-- [et_pb_line_break_holder] --><\/li>\n<p><!-- [et_pb_line_break_holder] -->    <\/p>\n<li><strong>C\u00f3mo estructurar una canci\u00f3n de regional mexicano para mezclar: <\/strong>Partes, din\u00e1micas y preparaci\u00f3n para una mezcla profesional.<!-- [et_pb_line_break_holder] --><\/li>\n<p><!-- [et_pb_line_break_holder] -->    <\/p>\n<li><strong>Trabajo bajo presi\u00f3n y adaptabilidad:<\/strong> C\u00f3mo responder creativamente en entornos reales de la industria.<!-- [et_pb_line_break_holder] --><\/li>\n<p><!-- [et_pb_line_break_holder] -->    <\/p>\n<li> <strong>Mente de productor:<\/strong> Pensar m\u00e1s all\u00e1 del sonido, estrategia, criterio y toma de decisiones.<!-- [et_pb_line_break_holder] --><\/li>\n<p><!-- [et_pb_line_break_holder] -->  <!-- [et_pb_line_break_holder] --><\/div>\n<p><!-- [et_pb_line_break_holder] -->[\/et_pb_code][\/et_pb_column][et_pb_column type=&#8221;1_3&#8243; _builder_version=&#8221;4.27.4&#8243; _module_preset=&#8221;default&#8221; global_colors_info=&#8221;{}&#8221;][et_pb_code _builder_version=&#8221;4.27.4&#8243; _module_preset=&#8221;default&#8221; custom_css_free_form=&#8221;\/* Masters of Sound &#8211; Agenda \/ Temario *\/||.mos-agenda{||  margin: 0 auto 28px auto;||  max-width: 820px;||  padding: 28px 26px;||  border-radius: 18px;||||  background-color: #000c14;||  background-image: linear-gradient(||    135deg,||    rgba(49, 8, 84, 0.9),||    rgba(0, 12, 20, 0.95)||  );||||  border: 1px solid rgba(244, 113, 255, 0.18);||  box-shadow: 0px 18px 40px rgba(0, 0, 0, 0.45);||}||||\/* Header *\/||.mos-agenda-header{||  margin-bottom: 16px;||  text-align: center;||}||||.mos-agenda-date{||  margin: 0 0 6px 0;||  font-weight: 800;||  letter-spacing: 0.6px;||  text-transform: uppercase;||  color: #f471ff;||  font-size: 14px;||}||||.mos-agenda-title{||  margin: 0 0 6px 0;||  font-weight: 800;||  color: #ffffff;||  font-size: 22px;||  line-height: 1.3;||}||||.mos-agenda-speaker{||  margin: 0;||  font-size: 15px;||  color: rgba(255,255,255,.85);||}||||\/* Lista *\/||.mos-agenda-list{||  margin: 18px 0 0 0;||  padding-left: 18px;||  color: rgba(255,255,255,.88);||}||||.mos-agenda-list li{||  margin-bottom: 10px;||  line-height: 1.55;||}||&#8221; global_colors_info=&#8221;{}&#8221;]<!-- DIVI: Temario 19 de febrero --><!-- [et_pb_line_break_holder] --><\/p>\n<div class=\"mos-agenda\"><!-- [et_pb_line_break_holder] -->  <\/p>\n<div class=\"mos-agenda-header\"><!-- [et_pb_line_break_holder] -->    <pee class=\"mos-agenda-date\">23 de abril<\/pee><!-- [et_pb_line_break_holder] -->    <\/p>\n<h3 class=\"mos-agenda-title\">Mezcla de Regional Mexicano con alcance internacional<\/h3>\n<p><!-- [et_pb_line_break_holder] -->    <pee class=\"mos-agenda-speaker\">Ponente: Carlos \u201cChapis\u201d Joel Romero Jr<\/pee><!-- [et_pb_line_break_holder] -->  <\/div>\n<p><!-- [et_pb_line_break_holder] --><!-- [et_pb_line_break_holder] -->  <\/p>\n<ul class=\"mos-agenda-list\"><!-- [et_pb_line_break_holder] -->    <\/p>\n<li><strong>\u00bfD\u00f3nde le duele al instrumento?: <\/strong>Identificaci\u00f3n de frecuencias problem\u00e1ticas y optimizaci\u00f3n del sonido.<!-- [et_pb_line_break_holder] --><\/li>\n<p><!-- [et_pb_line_break_holder] -->    <\/p>\n<li><strong>C\u00f3mo lograr el sonido del disco m\u00e1s exitoso del a\u00f1o (Ixpantia):<\/strong> An\u00e1lisis creativo y t\u00e9cnico de un proyecto l\u00edderen la industria.<!-- [et_pb_line_break_holder] --><\/li>\n<p><!-- [et_pb_line_break_holder] -->    <\/p>\n<li><strong>Repetici\u00f3n y pr\u00e1ctica, la homogeneidad da identidad:<\/strong> Construir estilo propio a trav\u00e9s de consistencia y disciplina.<!-- [et_pb_line_break_holder] --><\/li>\n<p><!-- [et_pb_line_break_holder] -->    <\/p>\n<li> <strong>Q&#038;A:<\/strong> Sesi\u00f3n abierta para resolver dudas y profundizar en la experiencia real.<!-- [et_pb_line_break_holder] --><\/div>\n<p><!-- [et_pb_line_break_holder] -->[\/et_pb_code][\/et_pb_column][et_pb_column type=&#8221;1_3&#8243; _builder_version=&#8221;4.27.4&#8243; _module_preset=&#8221;default&#8221; global_colors_info=&#8221;{}&#8221;][et_pb_code _builder_version=&#8221;4.27.4&#8243; _module_preset=&#8221;default&#8221; custom_css_free_form=&#8221;\/* Masters of Sound &#8211; Agenda \/ Temario *\/||.mos-agenda{||  margin: 0 auto 28px auto;||  max-width: 820px;||  padding: 28px 26px;||  border-radius: 18px;||||  background-color: #000c14;||  background-image: linear-gradient(||    135deg,||    rgba(49, 8, 84, 0.9),||    rgba(0, 12, 20, 0.95)||  );||||  border: 1px solid rgba(244, 113, 255, 0.18);||  box-shadow: 0px 18px 40px rgba(0, 0, 0, 0.45);||}||||\/* Header *\/||.mos-agenda-header{||  margin-bottom: 16px;||  text-align: center;||}||||.mos-agenda-date{||  margin: 0 0 6px 0;||  font-weight: 800;||  letter-spacing: 0.6px;||  text-transform: uppercase;||  color: #f471ff;||  font-size: 14px;||}||||.mos-agenda-title{||  margin: 0 0 6px 0;||  font-weight: 800;||  color: #ffffff;||  font-size: 22px;||  line-height: 1.3;||}||||.mos-agenda-speaker{||  margin: 0;||  font-size: 15px;||  color: rgba(255,255,255,.85);||}||||\/* Lista *\/||.mos-agenda-list{||  margin: 18px 0 0 0;||  padding-left: 18px;||  color: rgba(255,255,255,.88);||}||||.mos-agenda-list li{||  margin-bottom: 10px;||  line-height: 1.55;||}||&#8221; global_colors_info=&#8221;{}&#8221;]<!-- DIVI: Temario 20 de febrero --><!-- [et_pb_line_break_holder] --><\/p>\n<div class=\"mos-agenda\"><!-- [et_pb_line_break_holder] -->  <\/p>\n<div class=\"mos-agenda-header\"><!-- [et_pb_line_break_holder] -->    <pee class=\"mos-agenda-date\">24 de abril<\/pee><!-- [et_pb_line_break_holder] -->    <\/p>\n<h3 class=\"mos-agenda-title\">Recreando mezcla Dolby Atmos de regional mexicano<\/h3>\n<p><!-- [et_pb_line_break_holder] -->    <pee class=\"mos-agenda-speaker\">Ponente: Mijael Guti\u00e9rrez<\/pee><!-- [et_pb_line_break_holder] -->  <\/div>\n<p><!-- [et_pb_line_break_holder] --><!-- [et_pb_line_break_holder] -->  <\/p>\n<ul class=\"mos-agenda-list\"><!-- [et_pb_line_break_holder] -->    <\/p>\n<li><strong>Flujo de trabajo de audio inmersivo:<\/strong> Metodolog\u00edas y herramientas para producir experiencias sonoras en 360\u00b0.<!-- [et_pb_line_break_holder] --><\/li>\n<p><!-- [et_pb_line_break_holder] -->    <\/p>\n<li> <strong>Procesos creativos para regional mexicano:<\/strong>Del concepto a la producci\u00f3n, c\u00f3mo construir identidad sonora en el g\u00e9nero.<!-- [et_pb_line_break_holder] --><\/li>\n<p><!-- [et_pb_line_break_holder] -->    <\/p>\n<li><strong>Procesos creativos para regional mexicano:<\/strong> Del concepto a la producci\u00f3n, c\u00f3mo construir identidad sonora en el g\u00e9nero.<!-- [et_pb_line_break_holder] --><\/li>\n<p><!-- [et_pb_line_break_holder] -->    <\/p>\n<li> <strong>Q&#038;A:<\/strong>Espacio abierto para resolver dudas y compartir experiencias reales.<!-- [et_pb_line_break_holder] --><\/li>\n<p><!-- [et_pb_line_break_holder] -->  <\/ul>\n<p><!-- [et_pb_line_break_holder] --><\/div>\n<p><!-- [et_pb_line_break_holder] -->[\/et_pb_code][\/et_pb_column][\/et_pb_row][\/et_pb_section][et_pb_section fb_built=&#8221;1&#8243; _builder_version=&#8221;4.27.4&#8243; _module_preset=&#8221;default&#8221; background_color=&#8221;#46007f&#8221; background_enable_image=&#8221;off&#8221; parallax=&#8221;on&#8221; background_blend=&#8221;soft-light&#8221; locked=&#8221;off&#8221; global_colors_info=&#8221;{}&#8221;][et_pb_row _builder_version=&#8221;4.27.4&#8243; _module_preset=&#8221;default&#8221; global_colors_info=&#8221;{}&#8221;][et_pb_column type=&#8221;4_4&#8243; _builder_version=&#8221;4.27.4&#8243; _module_preset=&#8221;default&#8221; global_colors_info=&#8221;{}&#8221;][et_pb_countdown_timer date_time=&#8221;2026-04-22 11:00&#8243; _builder_version=&#8221;4.27.4&#8243; _module_preset=&#8221;default&#8221; background_color=&#8221;RGBA(255,255,255,0)&#8221; header_font_size_tablet=&#8221;&#8221; header_font_size_phone=&#8221;11px&#8221; header_font_size_last_edited=&#8221;on|phone&#8221; numbers_font_size_tablet=&#8221;&#8221; numbers_font_size_phone=&#8221;21px&#8221; numbers_font_size_last_edited=&#8221;on|phone&#8221; separator_font_size_tablet=&#8221;&#8221; separator_font_size_phone=&#8221;21px&#8221; separator_font_size_last_edited=&#8221;on|phone&#8221; locked=&#8221;off&#8221; global_colors_info=&#8221;{}&#8221;][\/et_pb_countdown_timer][\/et_pb_column][\/et_pb_row][et_pb_row _builder_version=&#8221;4.27.4&#8243; _module_preset=&#8221;default&#8221; global_colors_info=&#8221;{}&#8221;][et_pb_column type=&#8221;4_4&#8243; _builder_version=&#8221;4.27.4&#8243; _module_preset=&#8221;default&#8221; global_colors_info=&#8221;{}&#8221;][et_pb_cta title=&#8221;Inscripciones abiertas&#8221; button_url=&#8221;http:\/\/wa.me\/525574168513?text=Quiero%20inscribirme%20a%20Masters%20Of%20Sound&#8221; button_text=&#8221;Escr\u00edbenos por WhatsApp&#8221; _builder_version=&#8221;4.27.4&#8243; _module_preset=&#8221;default&#8221; background_color=&#8221;RGBA(255,255,255,0)&#8221; global_colors_info=&#8221;{}&#8221;][\/et_pb_cta][\/et_pb_column][\/et_pb_row][\/et_pb_section][et_pb_section fb_built=&#8221;1&#8243; _builder_version=&#8221;4.27.4&#8243; _module_preset=&#8221;default&#8221; background_color=&#8221;#712d96&#8243; parallax=&#8221;on&#8221; background_blend=&#8221;darken&#8221; custom_css_free_form=&#8221;\/* Fondo Masters of Sound *\/||.mos-bg {||  background: linear-gradient(||    135deg,||    rgba(49, 8, 84, 0.85),||    rgba(0, 12, 20, 0.92)||  );||  border-radius: 18px;||  border: 1px solid rgba(244, 113, 255, 0.18);||}||&#8221; locked=&#8221;off&#8221; global_colors_info=&#8221;{}&#8221;][et_pb_row column_structure=&#8221;1_2,1_2&#8243; _builder_version=&#8221;4.27.4&#8243; _module_preset=&#8221;default&#8221; global_colors_info=&#8221;{}&#8221;][et_pb_column type=&#8221;1_2&#8243; _builder_version=&#8221;4.27.4&#8243; _module_preset=&#8221;default&#8221; global_colors_info=&#8221;{}&#8221;][et_pb_code _builder_version=&#8221;4.27.4&#8243; _module_preset=&#8221;default&#8221; custom_css_free_form=&#8221;\/* Masters of Sound &#8211; bloque %22Qu\u00e9 es%22 *\/||.mos-about{||  padding: 28px 26px;||  border-radius: 18px;||  background: linear-gradient(135deg, rgba(49,8,84,.85), rgba(0,12,20,.92));||  border: 1px solid rgba(244,113,255,.18);||  backdrop-filter: blur(6px);||}||.mos-about h2{||  margin: 0 0 10px 0;||  font-weight: 800;||  letter-spacing: .5px;||  color: #ffffff;||}||.mos-about p{||  margin: 0 0 10px 0;||  line-height: 1.6;||  color: rgba(255,255,255,.86);||}||.mos-about p strong{||  color: #f471ff;||}||&#8221; global_colors_info=&#8221;{}&#8221;]<!-- DIVI: M\u00f3dulo de Texto (pegar en Contenido) --><!-- [et_pb_line_break_holder] --><\/p>\n<div class=\"mos-about\"><!-- [et_pb_line_break_holder] -->  <\/p>\n<h2>\u00bfQu\u00e9 es Masters of Sound?<\/h2>\n<p><!-- [et_pb_line_break_holder] -->  <pee><!-- [et_pb_line_break_holder] -->    <strong>Masters of Sound<\/strong> es un seminario de audio profesional presentado por<!-- [et_pb_line_break_holder] -->    <strong>Immersiva Lab ProEducation<\/strong>.<!-- [et_pb_line_break_holder] -->  <\/pee><!-- [et_pb_line_break_holder] -->  <pee><!-- [et_pb_line_break_holder] -->    Un espacio de escucha, criterio y reflexi\u00f3n desde la pr\u00e1ctica profesional del audio, enfocado en<!-- [et_pb_line_break_holder] -->    c\u00f3mo se toman decisiones, c\u00f3mo se estructura el trabajo y c\u00f3mo se construye una visi\u00f3n sonora s\u00f3lida.<!-- [et_pb_line_break_holder] -->  <\/pee><!-- [et_pb_line_break_holder] --><\/div>\n<p><!-- [et_pb_line_break_holder] -->[\/et_pb_code][\/et_pb_column][et_pb_column type=&#8221;1_2&#8243; _builder_version=&#8221;4.27.4&#8243; _module_preset=&#8221;default&#8221; global_colors_info=&#8221;{}&#8221;][et_pb_image src=&#8221;https:\/\/immersivalab.com\/proeducation\/wp-content\/uploads\/2026\/03\/Diseno-sin-titulo-2-1.png&#8221; title_text=&#8221;Disen\u0303o sin ti\u0301tulo (2)&#8221; _builder_version=&#8221;4.27.4&#8243; _module_preset=&#8221;default&#8221; global_colors_info=&#8221;{}&#8221;][\/et_pb_image][\/et_pb_column][\/et_pb_row][\/et_pb_section][et_pb_section fb_built=&#8221;1&#8243; _builder_version=&#8221;4.27.4&#8243; _module_preset=&#8221;default&#8221; background_enable_image=&#8221;off&#8221; locked=&#8221;off&#8221; global_colors_info=&#8221;{}&#8221;][et_pb_row column_structure=&#8221;3_4,1_4&#8243; _builder_version=&#8221;4.27.4&#8243; _module_preset=&#8221;default&#8221; global_colors_info=&#8221;{}&#8221;][et_pb_column type=&#8221;3_4&#8243; _builder_version=&#8221;4.27.4&#8243; _module_preset=&#8221;default&#8221; global_colors_info=&#8221;{}&#8221;][et_pb_image _builder_version=&#8221;4.27.4&#8243; _module_preset=&#8221;default&#8221; global_colors_info=&#8221;{}&#8221;][\/et_pb_image][et_pb_text _builder_version=&#8221;4.27.4&#8243; _module_preset=&#8221;default&#8221; text_text_color=&#8221;#FFFFFF&#8221; header_text_color=&#8221;#FFFFFF&#8221; header_2_text_color=&#8221;#FFFFFF&#8221; header_3_text_color=&#8221;#FFFFFF&#8221; header_4_text_color=&#8221;#FFFFFF&#8221; header_6_text_color=&#8221;#FFFFFF&#8221; global_colors_info=&#8221;{}&#8221;]<\/p>\n<h1>Immersiva Lab<\/h1>\n<p><strong>\u00a0\u00a9 2025<\/strong><\/p>\n<p>Aviso de privacidad<\/p>\n<p>[\/et_pb_text][\/et_pb_column][et_pb_column type=&#8221;1_4&#8243; _builder_version=&#8221;4.27.4&#8243; _module_preset=&#8221;default&#8221; global_colors_info=&#8221;{}&#8221;][et_pb_text _builder_version=&#8221;4.27.4&#8243; _module_preset=&#8221;default&#8221; text_text_color=&#8221;#FFFFFF&#8221; header_text_color=&#8221;#FFFFFF&#8221; global_colors_info=&#8221;{}&#8221;]<\/p>\n<h1>Con\u00f3cenos en redes sociales<\/h1>\n<p>[\/et_pb_text][et_pb_social_media_follow _builder_version=&#8221;4.27.4&#8243; _module_preset=&#8221;default&#8221; global_colors_info=&#8221;{}&#8221;][et_pb_social_media_follow_network social_network=&#8221;facebook&#8221; url=&#8221;http:\/\/facebook.com\/immersivalab\/?locale=es_LA&#8221; _builder_version=&#8221;4.27.4&#8243; _module_preset=&#8221;default&#8221; background_color=&#8221;#3b5998&#8243; global_colors_info=&#8221;{}&#8221; follow_button=&#8221;off&#8221; url_new_window=&#8221;on&#8221;]facebook[\/et_pb_social_media_follow_network][et_pb_social_media_follow_network social_network=&#8221;instagram&#8221; url=&#8221;http:\/\/instagram.com\/immersivalab\/&#8221; _builder_version=&#8221;4.27.4&#8243; _module_preset=&#8221;default&#8221; background_color=&#8221;#ea2c59&#8243; global_colors_info=&#8221;{}&#8221; follow_button=&#8221;off&#8221; url_new_window=&#8221;on&#8221;]instagram[\/et_pb_social_media_follow_network][et_pb_social_media_follow_network social_network=&#8221;linkedin&#8221; url=&#8221;https:\/\/www.linkedin.com\/company\/immersiva-lab\/?viewAsMember=true&#8221; _builder_version=&#8221;4.27.4&#8243; _module_preset=&#8221;default&#8221; background_color=&#8221;#007bb6&#8243; global_colors_info=&#8221;{}&#8221; follow_button=&#8221;off&#8221; url_new_window=&#8221;on&#8221;]linkedin[\/et_pb_social_media_follow_network][\/et_pb_social_media_follow][\/et_pb_column][\/et_pb_row][\/et_pb_section]<\/p>\n","protected":false},"excerpt":{"rendered":"<p>Immersiva Lab \u00a0\u00a9 2025 Aviso de privacidadCon\u00f3cenos en redes sociales<\/p>\n","protected":false},"author":1,"featured_media":0,"parent":0,"menu_order":0,"comment_status":"closed","ping_status":"closed","template":"page-template-blank.php","meta":{"_et_pb_use_builder":"on","_et_pb_old_content":"","_et_gb_content_width":"","footnotes":""},"class_list":["post-974","page","type-page","status-publish","hentry"],"yoast_head":"<!-- This site is optimized with the Yoast SEO plugin v25.8 - https:\/\/yoast.com\/wordpress\/plugins\/seo\/ -->\n<title>Masters of Sound - Regional Mexicano - Immersiva Lab<\/title>\n<meta name=\"description\" content=\"Masters of Sounds re\u00fane a Carlos \u201cChapis\u201d Joel Romero Jr y Mijael Guti\u00e9rrez, dos referentes en la mezcla de regional mexicano y audio inmersivo. Con m\u00e1s de 500 cr\u00e9ditos y miles de millones de streams, Chapis comparte su experiencia en construcci\u00f3n de mezcla y producci\u00f3n competitiva; mientras que Mijael aporta su especializaci\u00f3n en Dolby Atmos y est\u00e1ndares internacionales, integrando visi\u00f3n creativa y precisi\u00f3n t\u00e9cnica en formatos de nueva generaci\u00f3n.\" \/>\n<meta name=\"robots\" content=\"index, follow, max-snippet:-1, max-image-preview:large, max-video-preview:-1\" \/>\n<link rel=\"canonical\" href=\"https:\/\/immersivalab.com\/proeducation\/masters-of-sound\/\" \/>\n<meta property=\"og:locale\" content=\"es_MX\" \/>\n<meta property=\"og:type\" content=\"article\" \/>\n<meta property=\"og:title\" content=\"Masters of Sound - Regional Mexicano\" \/>\n<meta property=\"og:description\" content=\"Masters of Sounds re\u00fane a Carlos \u201cChapis\u201d Joel Romero Jr y Mijael Guti\u00e9rrez, dos referentes en la mezcla de regional mexicano y audio inmersivo. Con m\u00e1s de 500 cr\u00e9ditos y miles de millones de streams, Chapis comparte su experiencia en construcci\u00f3n de mezcla y producci\u00f3n competitiva; mientras que Mijael aporta su especializaci\u00f3n en Dolby Atmos y est\u00e1ndares internacionales, integrando visi\u00f3n creativa y precisi\u00f3n t\u00e9cnica en formatos de nueva generaci\u00f3n.\" \/>\n<meta property=\"og:url\" content=\"https:\/\/immersivalab.com\/proeducation\/masters-of-sound\/\" \/>\n<meta property=\"og:site_name\" content=\"Immersiva Lab\" \/>\n<meta property=\"article:modified_time\" content=\"2026-04-01T16:05:15+00:00\" \/>\n<meta property=\"og:image\" content=\"https:\/\/immersivalab.com\/proeducation\/wp-content\/uploads\/2026\/02\/MoS-Abril-ig.jpg\" \/>\n\t<meta property=\"og:image:width\" content=\"1080\" \/>\n\t<meta property=\"og:image:height\" content=\"1350\" \/>\n\t<meta property=\"og:image:type\" content=\"image\/jpeg\" \/>\n<meta name=\"twitter:card\" content=\"summary_large_image\" \/>\n<meta name=\"twitter:label1\" content=\"Tiempo de lectura\" \/>\n\t<meta name=\"twitter:data1\" content=\"5 minutos\" \/>\n<script type=\"application\/ld+json\" class=\"yoast-schema-graph\">{\"@context\":\"https:\/\/schema.org\",\"@graph\":[{\"@type\":\"WebPage\",\"@id\":\"https:\/\/immersivalab.com\/proeducation\/masters-of-sound\/\",\"url\":\"https:\/\/immersivalab.com\/proeducation\/masters-of-sound\/\",\"name\":\"Masters of Sound - Regional Mexicano - Immersiva Lab\",\"isPartOf\":{\"@id\":\"https:\/\/immersivalab.com\/proeducation\/#website\"},\"datePublished\":\"2026-02-17T01:07:59+00:00\",\"dateModified\":\"2026-04-01T16:05:15+00:00\",\"description\":\"Masters of Sounds re\u00fane a Carlos \u201cChapis\u201d Joel Romero Jr y Mijael Guti\u00e9rrez, dos referentes en la mezcla de regional mexicano y audio inmersivo. Con m\u00e1s de 500 cr\u00e9ditos y miles de millones de streams, Chapis comparte su experiencia en construcci\u00f3n de mezcla y producci\u00f3n competitiva; mientras que Mijael aporta su especializaci\u00f3n en Dolby Atmos y est\u00e1ndares internacionales, integrando visi\u00f3n creativa y precisi\u00f3n t\u00e9cnica en formatos de nueva generaci\u00f3n.\",\"breadcrumb\":{\"@id\":\"https:\/\/immersivalab.com\/proeducation\/masters-of-sound\/#breadcrumb\"},\"inLanguage\":\"es\",\"potentialAction\":[{\"@type\":\"ReadAction\",\"target\":[\"https:\/\/immersivalab.com\/proeducation\/masters-of-sound\/\"]}]},{\"@type\":\"BreadcrumbList\",\"@id\":\"https:\/\/immersivalab.com\/proeducation\/masters-of-sound\/#breadcrumb\",\"itemListElement\":[{\"@type\":\"ListItem\",\"position\":1,\"name\":\"Portada\",\"item\":\"https:\/\/immersivalab.com\/proeducation\/\"},{\"@type\":\"ListItem\",\"position\":2,\"name\":\"Masters of Sound &#8211; Regional Mexicano\"}]},{\"@type\":\"WebSite\",\"@id\":\"https:\/\/immersivalab.com\/proeducation\/#website\",\"url\":\"https:\/\/immersivalab.com\/proeducation\/\",\"name\":\"Immersiva Lab\",\"description\":\"\",\"publisher\":{\"@id\":\"https:\/\/immersivalab.com\/proeducation\/#organization\"},\"potentialAction\":[{\"@type\":\"SearchAction\",\"target\":{\"@type\":\"EntryPoint\",\"urlTemplate\":\"https:\/\/immersivalab.com\/proeducation\/?s={search_term_string}\"},\"query-input\":{\"@type\":\"PropertyValueSpecification\",\"valueRequired\":true,\"valueName\":\"search_term_string\"}}],\"inLanguage\":\"es\"},{\"@type\":\"Organization\",\"@id\":\"https:\/\/immersivalab.com\/proeducation\/#organization\",\"name\":\"Immersiva Lab\",\"url\":\"https:\/\/immersivalab.com\/proeducation\/\",\"logo\":{\"@type\":\"ImageObject\",\"inLanguage\":\"es\",\"@id\":\"https:\/\/immersivalab.com\/proeducation\/#\/schema\/logo\/image\/\",\"url\":\"https:\/\/immersivalab.com\/proeducation\/wp-content\/uploads\/2025\/09\/cropped-LOGO-PRINCIPAL-TXTNEGRO-24-scaled-1.png\",\"contentUrl\":\"https:\/\/immersivalab.com\/proeducation\/wp-content\/uploads\/2025\/09\/cropped-LOGO-PRINCIPAL-TXTNEGRO-24-scaled-1.png\",\"width\":2558,\"height\":516,\"caption\":\"Immersiva Lab\"},\"image\":{\"@id\":\"https:\/\/immersivalab.com\/proeducation\/#\/schema\/logo\/image\/\"}}]}<\/script>\n<!-- \/ Yoast SEO plugin. -->","yoast_head_json":{"title":"Masters of Sound - Regional Mexicano - Immersiva Lab","description":"Masters of Sounds re\u00fane a Carlos \u201cChapis\u201d Joel Romero Jr y Mijael Guti\u00e9rrez, dos referentes en la mezcla de regional mexicano y audio inmersivo. Con m\u00e1s de 500 cr\u00e9ditos y miles de millones de streams, Chapis comparte su experiencia en construcci\u00f3n de mezcla y producci\u00f3n competitiva; mientras que Mijael aporta su especializaci\u00f3n en Dolby Atmos y est\u00e1ndares internacionales, integrando visi\u00f3n creativa y precisi\u00f3n t\u00e9cnica en formatos de nueva generaci\u00f3n.","robots":{"index":"index","follow":"follow","max-snippet":"max-snippet:-1","max-image-preview":"max-image-preview:large","max-video-preview":"max-video-preview:-1"},"canonical":"https:\/\/immersivalab.com\/proeducation\/masters-of-sound\/","og_locale":"es_MX","og_type":"article","og_title":"Masters of Sound - Regional Mexicano","og_description":"Masters of Sounds re\u00fane a Carlos \u201cChapis\u201d Joel Romero Jr y Mijael Guti\u00e9rrez, dos referentes en la mezcla de regional mexicano y audio inmersivo. Con m\u00e1s de 500 cr\u00e9ditos y miles de millones de streams, Chapis comparte su experiencia en construcci\u00f3n de mezcla y producci\u00f3n competitiva; mientras que Mijael aporta su especializaci\u00f3n en Dolby Atmos y est\u00e1ndares internacionales, integrando visi\u00f3n creativa y precisi\u00f3n t\u00e9cnica en formatos de nueva generaci\u00f3n.","og_url":"https:\/\/immersivalab.com\/proeducation\/masters-of-sound\/","og_site_name":"Immersiva Lab","article_modified_time":"2026-04-01T16:05:15+00:00","og_image":[{"width":1080,"height":1350,"url":"https:\/\/immersivalab.com\/proeducation\/wp-content\/uploads\/2026\/02\/MoS-Abril-ig.jpg","type":"image\/jpeg"}],"twitter_card":"summary_large_image","twitter_misc":{"Tiempo de lectura":"5 minutos"},"schema":{"@context":"https:\/\/schema.org","@graph":[{"@type":"WebPage","@id":"https:\/\/immersivalab.com\/proeducation\/masters-of-sound\/","url":"https:\/\/immersivalab.com\/proeducation\/masters-of-sound\/","name":"Masters of Sound - Regional Mexicano - Immersiva Lab","isPartOf":{"@id":"https:\/\/immersivalab.com\/proeducation\/#website"},"datePublished":"2026-02-17T01:07:59+00:00","dateModified":"2026-04-01T16:05:15+00:00","description":"Masters of Sounds re\u00fane a Carlos \u201cChapis\u201d Joel Romero Jr y Mijael Guti\u00e9rrez, dos referentes en la mezcla de regional mexicano y audio inmersivo. Con m\u00e1s de 500 cr\u00e9ditos y miles de millones de streams, Chapis comparte su experiencia en construcci\u00f3n de mezcla y producci\u00f3n competitiva; mientras que Mijael aporta su especializaci\u00f3n en Dolby Atmos y est\u00e1ndares internacionales, integrando visi\u00f3n creativa y precisi\u00f3n t\u00e9cnica en formatos de nueva generaci\u00f3n.","breadcrumb":{"@id":"https:\/\/immersivalab.com\/proeducation\/masters-of-sound\/#breadcrumb"},"inLanguage":"es","potentialAction":[{"@type":"ReadAction","target":["https:\/\/immersivalab.com\/proeducation\/masters-of-sound\/"]}]},{"@type":"BreadcrumbList","@id":"https:\/\/immersivalab.com\/proeducation\/masters-of-sound\/#breadcrumb","itemListElement":[{"@type":"ListItem","position":1,"name":"Portada","item":"https:\/\/immersivalab.com\/proeducation\/"},{"@type":"ListItem","position":2,"name":"Masters of Sound &#8211; Regional Mexicano"}]},{"@type":"WebSite","@id":"https:\/\/immersivalab.com\/proeducation\/#website","url":"https:\/\/immersivalab.com\/proeducation\/","name":"Immersiva Lab","description":"","publisher":{"@id":"https:\/\/immersivalab.com\/proeducation\/#organization"},"potentialAction":[{"@type":"SearchAction","target":{"@type":"EntryPoint","urlTemplate":"https:\/\/immersivalab.com\/proeducation\/?s={search_term_string}"},"query-input":{"@type":"PropertyValueSpecification","valueRequired":true,"valueName":"search_term_string"}}],"inLanguage":"es"},{"@type":"Organization","@id":"https:\/\/immersivalab.com\/proeducation\/#organization","name":"Immersiva Lab","url":"https:\/\/immersivalab.com\/proeducation\/","logo":{"@type":"ImageObject","inLanguage":"es","@id":"https:\/\/immersivalab.com\/proeducation\/#\/schema\/logo\/image\/","url":"https:\/\/immersivalab.com\/proeducation\/wp-content\/uploads\/2025\/09\/cropped-LOGO-PRINCIPAL-TXTNEGRO-24-scaled-1.png","contentUrl":"https:\/\/immersivalab.com\/proeducation\/wp-content\/uploads\/2025\/09\/cropped-LOGO-PRINCIPAL-TXTNEGRO-24-scaled-1.png","width":2558,"height":516,"caption":"Immersiva Lab"},"image":{"@id":"https:\/\/immersivalab.com\/proeducation\/#\/schema\/logo\/image\/"}}]}},"_links":{"self":[{"href":"https:\/\/immersivalab.com\/proeducation\/wp-json\/wp\/v2\/pages\/974","targetHints":{"allow":["GET"]}}],"collection":[{"href":"https:\/\/immersivalab.com\/proeducation\/wp-json\/wp\/v2\/pages"}],"about":[{"href":"https:\/\/immersivalab.com\/proeducation\/wp-json\/wp\/v2\/types\/page"}],"author":[{"embeddable":true,"href":"https:\/\/immersivalab.com\/proeducation\/wp-json\/wp\/v2\/users\/1"}],"replies":[{"embeddable":true,"href":"https:\/\/immersivalab.com\/proeducation\/wp-json\/wp\/v2\/comments?post=974"}],"version-history":[{"count":11,"href":"https:\/\/immersivalab.com\/proeducation\/wp-json\/wp\/v2\/pages\/974\/revisions"}],"predecessor-version":[{"id":1223,"href":"https:\/\/immersivalab.com\/proeducation\/wp-json\/wp\/v2\/pages\/974\/revisions\/1223"}],"wp:attachment":[{"href":"https:\/\/immersivalab.com\/proeducation\/wp-json\/wp\/v2\/media?parent=974"}],"curies":[{"name":"wp","href":"https:\/\/api.w.org\/{rel}","templated":true}]}}