{"id":53,"date":"2025-09-29T19:42:27","date_gmt":"2025-09-29T19:42:27","guid":{"rendered":"https:\/\/immersivalab.com\/?page_id=53"},"modified":"2026-04-07T14:39:10","modified_gmt":"2026-04-07T20:39:10","slug":"education","status":"publish","type":"page","link":"https:\/\/immersivalab.com\/proeducation\/education\/","title":{"rendered":"Education"},"content":{"rendered":"<p>[et_pb_section fb_built=&#8221;1&#8243; _builder_version=&#8221;4.27.4&#8243; _module_preset=&#8221;default&#8221; height=&#8221;25px&#8221; global_colors_info=&#8221;{}&#8221;][et_pb_row _builder_version=&#8221;4.27.4&#8243; _module_preset=&#8221;default&#8221; global_colors_info=&#8221;{}&#8221;][et_pb_column type=&#8221;4_4&#8243; _builder_version=&#8221;4.27.4&#8243; _module_preset=&#8221;default&#8221; global_colors_info=&#8221;{}&#8221;][et_pb_menu active_link_color=&#8221;#FFFFFF&#8221; logo=&#8221;https:\/\/immersivalab.com\/proeducation\/wp-content\/uploads\/2026\/03\/Diseno-sin-titulo-1-scaled.png&#8221; logo_width=&#8221;25%&#8221; logo_width_tablet=&#8221;25%&#8221; logo_width_phone=&#8221;70%&#8221; logo_width_last_edited=&#8221;on|phone&#8221; logo_max_width_tablet=&#8221;&#8221; logo_max_width_phone=&#8221;69%&#8221; logo_max_width_last_edited=&#8221;on|phone&#8221; logo_height_tablet=&#8221;&#8221; logo_height_phone=&#8221;&#8221; logo_height_last_edited=&#8221;on|phone&#8221; _builder_version=&#8221;4.27.4&#8243; _module_preset=&#8221;default&#8221; menu_text_color=&#8221;#FFFFFF&#8221; background_color=&#8221;RGBA(255,255,255,0)&#8221; text_orientation=&#8221;right&#8221; width_tablet=&#8221;&#8221; width_phone=&#8221;100%&#8221; width_last_edited=&#8221;on|phone&#8221; max_width_tablet=&#8221;&#8221; max_width_phone=&#8221;100%&#8221; max_width_last_edited=&#8221;on|phone&#8221; min_height_tablet=&#8221;&#8221; min_height_phone=&#8221;&#8221; min_height_last_edited=&#8221;on|phone&#8221; height_tablet=&#8221;&#8221; height_phone=&#8221;100px&#8221; height_last_edited=&#8221;on|phone&#8221; max_height_tablet=&#8221;&#8221; max_height_phone=&#8221;&#8221; max_height_last_edited=&#8221;on|phone&#8221; custom_margin=&#8221;-70px||||false|false&#8221; custom_margin_tablet=&#8221;-70px||||false|false&#8221; custom_margin_phone=&#8221;-51px||||false|false&#8221; custom_margin_last_edited=&#8221;on|phone&#8221; custom_padding=&#8221;||||false|false&#8221; module_alignment_tablet=&#8221;&#8221; module_alignment_phone=&#8221;center&#8221; module_alignment_last_edited=&#8221;on|phone&#8221; global_colors_info=&#8221;{}&#8221; locked=&#8221;off&#8221;][\/et_pb_menu][\/et_pb_column][\/et_pb_row][\/et_pb_section][et_pb_section fb_built=&#8221;1&#8243; _builder_version=&#8221;4.27.4&#8243; _module_preset=&#8221;default&#8221; global_colors_info=&#8221;{}&#8221;][et_pb_row _builder_version=&#8221;4.27.4&#8243; _module_preset=&#8221;default&#8221; global_colors_info=&#8221;{}&#8221;][et_pb_column type=&#8221;4_4&#8243; _builder_version=&#8221;4.27.4&#8243; _module_preset=&#8221;default&#8221; global_colors_info=&#8221;{}&#8221;][et_pb_text _builder_version=&#8221;4.27.4&#8243; _module_preset=&#8221;default&#8221; global_colors_info=&#8221;{}&#8221;]<\/p>\n<h1 style=\"text-align: center;\"><span style=\"color: #ffffff;\">Immersiva Lab Education<\/span><\/h1>\n<p>[\/et_pb_text][\/et_pb_column][\/et_pb_row][et_pb_row column_structure=&#8221;1_2,1_2&#8243; _builder_version=&#8221;4.27.4&#8243; _module_preset=&#8221;default&#8221; global_colors_info=&#8221;{}&#8221;][et_pb_column type=&#8221;1_2&#8243; _builder_version=&#8221;4.27.4&#8243; _module_preset=&#8221;default&#8221; global_colors_info=&#8221;{}&#8221;][et_pb_image src=&#8221;https:\/\/immersivalab.com\/proeducation\/wp-content\/uploads\/2026\/03\/Diseno-sin-titulo-2-1.png&#8221; title_text=&#8221;Disen\u0303o sin ti\u0301tulo (2)&#8221; _builder_version=&#8221;4.27.4&#8243; _module_preset=&#8221;default&#8221; hover_enabled=&#8221;0&#8243; global_colors_info=&#8221;{}&#8221; sticky_enabled=&#8221;0&#8243;][\/et_pb_image][\/et_pb_column][et_pb_column type=&#8221;1_2&#8243; _builder_version=&#8221;4.27.4&#8243; _module_preset=&#8221;default&#8221; global_colors_info=&#8221;{}&#8221;][et_pb_text _builder_version=&#8221;4.27.4&#8243; _module_preset=&#8221;default&#8221; global_colors_info=&#8221;{}&#8221;]<\/p>\n<h2><span style=\"color: #ffffff;\">Nuestro compromiso es proporcionar educaci\u00f3n de primer nivel que inspire, capacite y transforme a nuestros estudiantes en profesionales de clase mundial.<\/span><\/h2>\n<p>[\/et_pb_text][et_pb_text _builder_version=&#8221;4.27.4&#8243; _module_preset=&#8221;default&#8221; global_colors_info=&#8221;{}&#8221;]<\/p>\n<p><span style=\"color: #ffffff;\">Con m\u00e1s de 15 a\u00f1os de experiencia en la industria del entrenimiento, dise\u00f1amos e implementamos planes de estudio, certificaciones, cursos y capacitaciones que satisfacen las necesidades de fortalecimiento de los profesionales, as\u00ed como orientan a los nuevos talentos para iniciar su carrera en la industria.<\/span><\/p>\n<p><span style=\"color: #ffffff;\">Estamos comprometidos con la excelencia, la comunidad y la creatividad. Nos esforzamos por crear un ambiente inclusivo y colaborativo donde los estudiantes puedan crecer, aprender y prosperar juntos mientras exploran su pasi\u00f3n por la m\u00fasica, el audio y el sonido.<\/span><\/p>\n<p>[\/et_pb_text][\/et_pb_column][\/et_pb_row][\/et_pb_section][et_pb_section fb_built=&#8221;1&#8243; _builder_version=&#8221;4.27.4&#8243; _module_preset=&#8221;default&#8221; background_color=&#8221;#37004f&#8221; hover_enabled=&#8221;0&#8243; global_colors_info=&#8221;{}&#8221; sticky_enabled=&#8221;0&#8243;][et_pb_row _builder_version=&#8221;4.27.4&#8243; _module_preset=&#8221;default&#8221; global_colors_info=&#8221;{}&#8221;][et_pb_column type=&#8221;4_4&#8243; _builder_version=&#8221;4.27.4&#8243; _module_preset=&#8221;default&#8221; global_colors_info=&#8221;{}&#8221;][et_pb_text _builder_version=&#8221;4.27.4&#8243; _module_preset=&#8221;default&#8221; global_colors_info=&#8221;{}&#8221;]<\/p>\n<div class=\"et_pb_row et_pb_row_2\">\n<div class=\"et_pb_column et_pb_column_4_4 et_pb_column_3  et_pb_css_mix_blend_mode_passthrough et-last-child\">\n<div class=\"et_pb_module et_pb_heading et_pb_heading_2 et_pb_bg_layout_\">\n<h2 class=\"et_pb_heading_container\" style=\"text-align: center;\"><span style=\"color: #ceb4e8;\">\u00a1Alcanza tu m\u00e1ximo potencial! Conoce nuestra oferta de cursos para profesionales del audio<\/span><\/h2>\n<\/div>\n<\/div>\n<\/div>\n<p>[\/et_pb_text][\/et_pb_column][\/et_pb_row][et_pb_row column_structure=&#8221;1_2,1_2&#8243; _builder_version=&#8221;4.27.4&#8243; _module_preset=&#8221;default&#8221; global_colors_info=&#8221;{}&#8221;][et_pb_column type=&#8221;1_2&#8243; _builder_version=&#8221;4.27.4&#8243; _module_preset=&#8221;default&#8221; global_colors_info=&#8221;{}&#8221;][et_pb_image src=&#8221;https:\/\/immersivalab.com\/proeducation\/wp-content\/uploads\/2026\/04\/Ad-Curso-Produccion-Musical-con-IA.png&#8221; title_text=&#8221;Ad Curso Produccio\u0301n Musical con IA&#8221; _builder_version=&#8221;4.27.4&#8243; _module_preset=&#8221;default&#8221; hover_enabled=&#8221;0&#8243; global_colors_info=&#8221;{}&#8221; sticky_enabled=&#8221;0&#8243;][\/et_pb_image][et_pb_text _builder_version=&#8221;4.27.4&#8243; _module_preset=&#8221;default&#8221; text_text_color=&#8221;#FFFFFF&#8221; header_2_font=&#8221;||||||||&#8221; header_2_text_color=&#8221;#FFFFFF&#8221; global_colors_info=&#8221;{}&#8221;]<\/p>\n<h2><span style=\"color: #ffffff;\">NUEVO: IA para la producci\u00f3n musical<\/span><\/h2>\n<p data-start=\"131\" data-end=\"195\"><span style=\"color: #ffffff;\"><strong data-start=\"131\" data-end=\"147\">Modalidades:<\/strong> presencial o en l\u00ednea<\/span><br data-start=\"169\" data-end=\"172\" \/><span style=\"color: #ffffff;\"><strong data-start=\"172\" data-end=\"185\">Duraci\u00f3n:<\/strong> 8 horas<\/span><\/p>\n<p data-start=\"197\" data-end=\"424\"><span style=\"color: #ffffff;\">La inteligencia artificial est\u00e1 revolucionando la forma de crear m\u00fasica. En este curso aprender\u00e1s a integrar herramientas de IA en tu flujo de trabajo, desde la generaci\u00f3n de ideas hasta la optimizaci\u00f3n de procesos creativos.<\/span><\/p>\n<p data-start=\"426\" data-end=\"663\"><span style=\"color: #ffffff;\">Nuestro temario incluye:<\/span><br data-start=\"450\" data-end=\"453\" \/><span style=\"color: #ffffff;\">\u2705 Introducci\u00f3n a la IA aplicada a la m\u00fasica.<\/span><br data-start=\"497\" data-end=\"500\" \/><span style=\"color: #ffffff;\">\u2705 Herramientas generativas y de asistencia creativa.<\/span><br data-start=\"552\" data-end=\"555\" \/><span style=\"color: #ffffff;\">\u2705 Producci\u00f3n Musical con Inteligencia Artificial.<\/span><br data-start=\"604\" data-end=\"607\" \/><span style=\"color: #ffffff;\">\u2705 Publicaci\u00f3n y monetizaci\u00f3n<\/span><br data-start=\"646\" data-end=\"649\" \/><span style=\"color: #ffffff;\">y mucho m\u00e1s.<\/span><\/p>\n<h2 class=\"et_pb_module_header\"><span>\u00a0<\/span><\/h2>\n<div class=\"et_pb_blurb_description\"><\/div>\n<p>[\/et_pb_text][\/et_pb_column][et_pb_column type=&#8221;1_2&#8243; _builder_version=&#8221;4.27.4&#8243; _module_preset=&#8221;default&#8221; global_colors_info=&#8221;{}&#8221;][et_pb_image src=&#8221;https:\/\/immersivalab.com\/proeducation\/wp-content\/uploads\/2026\/04\/Copia-de-Certificacion-Pro-Tools-Specialist-ad1nov-2025-1.png&#8221; title_text=&#8221;Copia de Certificacio\u0301n Pro Tools Specialist ad1nov 2025 (1)&#8221; _builder_version=&#8221;4.27.4&#8243; _module_preset=&#8221;default&#8221; hover_enabled=&#8221;0&#8243; global_colors_info=&#8221;{}&#8221; sticky_enabled=&#8221;0&#8243;][\/et_pb_image][et_pb_text _builder_version=&#8221;4.27.4&#8243; _module_preset=&#8221;default&#8221; text_text_color=&#8221;#FFFFFF&#8221; header_2_text_color=&#8221;#FFFFFF&#8221; global_colors_info=&#8221;{}&#8221;]<\/p>\n<h2 data-start=\"113\" data-end=\"151\">Pro Tools Specialist 101\u2013110<\/h2>\n<p data-start=\"152\" data-end=\"217\"><strong data-start=\"152\" data-end=\"168\">Modalidades:<\/strong> presencial o en l\u00ednea<br data-start=\"190\" data-end=\"193\" \/><strong data-start=\"193\" data-end=\"206\">Duraci\u00f3n:<\/strong> 40 horas<\/p>\n<p data-start=\"219\" data-end=\"504\">El curso oficial <strong data-start=\"236\" data-end=\"260\">Pro Tools Specialist<\/strong> (niveles 101\u2013110) est\u00e1 dise\u00f1ado para que domines las bases del software de producci\u00f3n m\u00e1s utilizado en la industria del audio. Aprender\u00e1s desde la creaci\u00f3n y organizaci\u00f3n de sesiones hasta t\u00e9cnicas de grabaci\u00f3n, edici\u00f3n y mezcla profesional.<\/p>\n<p data-start=\"506\" data-end=\"750\">Nuestro temario incluye:<br data-start=\"530\" data-end=\"533\" \/>\u2705 Interfaz y flujo de trabajo en Pro Tools.<br data-start=\"576\" data-end=\"579\" \/>\u2705 Grabaci\u00f3n de audio y MIDI.<br data-start=\"607\" data-end=\"610\" \/>\u2705 Edici\u00f3n con herramientas avanzadas.<br data-start=\"647\" data-end=\"650\" \/>\u2705 T\u00e9cnicas de mezcla y automatizaci\u00f3n.<br data-start=\"688\" data-end=\"691\" \/>\u2705 Exportaci\u00f3n y entregables profesionales.<br data-start=\"733\" data-end=\"736\" data-is-only-node=\"\" \/>y mucho m\u00e1s.<\/p>\n<p data-start=\"752\" data-end=\"854\">Al finalizar, realizar\u00e1s tu examen para obtener la certificaci\u00f3n oficial de Avid.<\/p>\n<div class=\"et_pb_blurb_description\"><\/div>\n<p>[\/et_pb_text][\/et_pb_column][\/et_pb_row][et_pb_row column_structure=&#8221;1_2,1_2&#8243; _builder_version=&#8221;4.27.4&#8243; _module_preset=&#8221;default&#8221; global_colors_info=&#8221;{}&#8221;][et_pb_column type=&#8221;1_2&#8243; _builder_version=&#8221;4.27.4&#8243; _module_preset=&#8221;default&#8221; global_colors_info=&#8221;{}&#8221;][et_pb_image src=&#8221;https:\/\/immersivalab.com\/proeducation\/wp-content\/uploads\/2026\/04\/1.png&#8221; title_text=&#8221;1&#8243; _builder_version=&#8221;4.27.4&#8243; _module_preset=&#8221;default&#8221; hover_enabled=&#8221;0&#8243; global_colors_info=&#8221;{}&#8221; sticky_enabled=&#8221;0&#8243;][\/et_pb_image][\/et_pb_column][et_pb_column type=&#8221;1_2&#8243; _builder_version=&#8221;4.27.4&#8243; _module_preset=&#8221;default&#8221; global_colors_info=&#8221;{}&#8221;][et_pb_text _builder_version=&#8221;4.27.4&#8243; _module_preset=&#8221;default&#8221; text_text_color=&#8221;#FFFFFF&#8221; header_2_text_color=&#8221;#FFFFFF&#8221; global_colors_info=&#8221;{}&#8221;]<\/p>\n<h2 data-start=\"113\" data-end=\"151\">Pro Tools Specialist 201 &#8211; 210M<\/h2>\n<p data-start=\"152\" data-end=\"217\"><strong data-start=\"152\" data-end=\"168\">Modalidades:<\/strong> presencial o en l\u00ednea<br data-start=\"190\" data-end=\"193\" \/><strong data-start=\"193\" data-end=\"206\">Duraci\u00f3n:<\/strong> 60 horas<\/p>\n<p data-start=\"1343\" data-end=\"1776\">El curso oficial <strong data-start=\"1360\" data-end=\"1397\">Pro Tools Professional (201\u2013210M)<\/strong> est\u00e1 enfocado en perfeccionar tu dominio del software con herramientas y procesos de nivel profesional. A lo largo del programa desarrollar\u00e1s habilidades en preparaci\u00f3n de sesiones, grabaci\u00f3n, doblaje, edici\u00f3n precisa de audio y MIDI, producci\u00f3n MIDI avanzada, automatizaci\u00f3n y mezcla final, fortaleciendo un workflow m\u00e1s competitivo, ordenado y confiable para proyectos reales.<\/p>\n<p data-start=\"1778\" data-end=\"2128\"><strong data-start=\"1778\" data-end=\"1806\">Nuestro temario incluye:<\/strong><br data-start=\"1806\" data-end=\"1809\" \/>\u2705 Preparaci\u00f3n y organizaci\u00f3n avanzada de sesiones.<br data-start=\"1859\" data-end=\"1862\" \/>\u2705 Grabaci\u00f3n y doblaje profesional.<br data-start=\"1896\" data-end=\"1899\" \/>\u2705 Edici\u00f3n precisa de audio.<br data-start=\"1926\" data-end=\"1929\" \/>\u2705 Edici\u00f3n y control detallado de MIDI.<br data-start=\"1967\" data-end=\"1970\" \/>\u2705 Producci\u00f3n MIDI avanzada.<br data-start=\"1997\" data-end=\"2000\" \/>\u2705 Mezcla y automatizaci\u00f3n.<br data-start=\"2026\" data-end=\"2029\" \/>\u2705 Mezcla final con enfoque profesional.<br data-start=\"2068\" data-end=\"2071\" \/>\u2705 Mejores pr\u00e1cticas para proyectos reales.<br data-start=\"2113\" data-end=\"2116\" \/>y mucho m\u00e1s.<\/p>\n<p data-start=\"2130\" data-end=\"2215\">Al finalizar, realizar\u00e1s tu examen para obtener la <strong data-start=\"2181\" data-end=\"2214\">certificaci\u00f3n oficial de Avid<\/strong>.<\/p>\n<p>[\/et_pb_text][\/et_pb_column][\/et_pb_row][\/et_pb_section][et_pb_section fb_built=&#8221;1&#8243; _builder_version=&#8221;4.27.4&#8243; _module_preset=&#8221;default&#8221; global_colors_info=&#8221;{}&#8221;][et_pb_row _builder_version=&#8221;4.27.4&#8243; _module_preset=&#8221;default&#8221; global_colors_info=&#8221;{}&#8221;][et_pb_column type=&#8221;4_4&#8243; _builder_version=&#8221;4.27.4&#8243; _module_preset=&#8221;default&#8221; global_colors_info=&#8221;{}&#8221;][et_pb_text _builder_version=&#8221;4.27.4&#8243; _module_preset=&#8221;default&#8221; header_text_color=&#8221;#FFFFFF&#8221; global_colors_info=&#8221;{}&#8221;]<\/p>\n<div class=\"et_pb_row et_pb_row_4\">\n<div class=\"et_pb_column et_pb_column_4_4 et_pb_column_6  et_pb_css_mix_blend_mode_passthrough et-last-child\">\n<div class=\"et_pb_module et_pb_heading et_pb_heading_3 et_pb_bg_layout_\">\n<div class=\"et_pb_heading_container\">\n<h1 class=\"et_pb_module_heading\" style=\"text-align: center;\">\u00bfTe apasiona la m\u00fasica? Da tus primeros pasos en la industria musical.<\/h1>\n<\/div>\n<\/div>\n<\/div>\n<\/div>\n<p>[\/et_pb_text][\/et_pb_column][\/et_pb_row][et_pb_row column_structure=&#8221;1_2,1_2&#8243; _builder_version=&#8221;4.27.4&#8243; _module_preset=&#8221;default&#8221; global_colors_info=&#8221;{}&#8221;][et_pb_column type=&#8221;1_2&#8243; _builder_version=&#8221;4.27.4&#8243; _module_preset=&#8221;default&#8221; global_colors_info=&#8221;{}&#8221;][et_pb_image src=&#8221;https:\/\/immersivalab.com\/proeducation\/wp-content\/uploads\/2026\/04\/Portada-CM.png&#8221; title_text=&#8221;Portada CM&#8221; _builder_version=&#8221;4.27.4&#8243; _module_preset=&#8221;default&#8221; hover_enabled=&#8221;0&#8243; global_colors_info=&#8221;{}&#8221; sticky_enabled=&#8221;0&#8243;][\/et_pb_image][\/et_pb_column][et_pb_column type=&#8221;1_2&#8243; _builder_version=&#8221;4.27.4&#8243; _module_preset=&#8221;default&#8221; global_colors_info=&#8221;{}&#8221;][et_pb_text _builder_version=&#8221;4.27.4&#8243; _module_preset=&#8221;default&#8221; hover_enabled=&#8221;0&#8243; global_colors_info=&#8221;{}&#8221; sticky_enabled=&#8221;0&#8243;]<\/p>\n<h2><span style=\"color: #ffffff;\">Certificaci\u00f3n en mezcla de audio inmersivo con tecnolog\u00edas Dolby Atmos, Eclipsa Audio y Sony 360<\/span><\/h2>\n<div><span style=\"color: #ffffff;\">Modalidades: presencial o en l\u00ednea<\/span><br \/><span style=\"color: #ffffff;\">Duraci\u00f3n: 8 horas<\/span><br \/><span style=\"color: #ffffff;\">Con el aumento de la demanda de contenido en formatos inmersivos (audio espacial), adaptar tu flujo de trabajo a Dolby Atmos es esencial para sobresalir en la industria del audio. En este curso obtendr\u00e1s los conocimientos te\u00f3ricos y pr\u00e1cticos para comenzar a mezclar en Dolby Atmos.<\/span><br \/><span style=\"color: #ffffff;\">Nuestro temario incluye:<\/span><br \/><span style=\"color: #ffffff;\">\u2705 Instructores expertos en audio inmersivo.<\/span><br \/><span style=\"color: #ffffff;\">\u2705 Conocimientos pr\u00e1cticos y te\u00f3ricos.<\/span><br \/><span style=\"color: #ffffff;\">\u2705 C\u00f3mo hacer una sesi\u00f3n de trabajo de 0 a 100%<\/span><br \/><span style=\"color: #ffffff;\">\u2705 C\u00f3mo hacer entregables exitosos.<\/span><br \/><span style=\"color: #ffffff;\">y mucho m\u00e1s<\/span><span><\/span><\/div>\n<p>[\/et_pb_text][\/et_pb_column][\/et_pb_row][\/et_pb_section][et_pb_section fb_built=&#8221;1&#8243; _builder_version=&#8221;4.27.4&#8243; _module_preset=&#8221;default&#8221; global_colors_info=&#8221;{}&#8221;][et_pb_row column_structure=&#8221;1_2,1_2&#8243; _builder_version=&#8221;4.27.4&#8243; _module_preset=&#8221;default&#8221; global_colors_info=&#8221;{}&#8221;][et_pb_column type=&#8221;1_2&#8243; _builder_version=&#8221;4.27.4&#8243; _module_preset=&#8221;default&#8221; global_colors_info=&#8221;{}&#8221;][et_pb_text _builder_version=&#8221;4.27.4&#8243; _module_preset=&#8221;default&#8221; global_colors_info=&#8221;{}&#8221;]<\/p>\n<h1 style=\"text-align: center;\"><span style=\"color: #ffffff;\">Alianzas educativas<\/span><\/h1>\n<p><span style=\"color: #ffffff;\">Somos un <strong data-start=\"54\" data-end=\"85\">centro certificado por Avid<\/strong> en M\u00e9xico, autorizado para impartir cursos oficiales de <strong data-start=\"142\" data-end=\"189\">Pro Tools<\/strong>. En Immersiva Lab te capacitamos con instructores expertos y planes de estudio de excelencia, con l\u00edderes mundiales en la industria de la m\u00fasica, tecnolog\u00eda de audio y postproducci\u00f3n.<\/span><\/p>\n<p>[\/et_pb_text][\/et_pb_column][et_pb_column type=&#8221;1_2&#8243; _builder_version=&#8221;4.27.4&#8243; _module_preset=&#8221;default&#8221; global_colors_info=&#8221;{}&#8221;][et_pb_image src=&#8221;https:\/\/immersivalab.com\/proeducation\/wp-content\/uploads\/2025\/10\/Immersiva-Lab-AVID-Learning-Partner.jpg&#8221; title_text=&#8221;Immersiva-Lab-AVID-Learning-Partner&#8221; _builder_version=&#8221;4.27.4&#8243; _module_preset=&#8221;default&#8221; global_colors_info=&#8221;{}&#8221;][\/et_pb_image][\/et_pb_column][\/et_pb_row][\/et_pb_section][et_pb_section fb_built=&#8221;1&#8243; _builder_version=&#8221;4.27.4&#8243; _module_preset=&#8221;default&#8221; background_color=&#8221;#8089D2&#8243; global_colors_info=&#8221;{}&#8221;][et_pb_row _builder_version=&#8221;4.27.4&#8243; _module_preset=&#8221;default&#8221; global_colors_info=&#8221;{}&#8221;][et_pb_column type=&#8221;4_4&#8243; _builder_version=&#8221;4.27.4&#8243; _module_preset=&#8221;default&#8221; global_colors_info=&#8221;{}&#8221;][et_pb_cta title=&#8221;Lleva tu carrera al siguiente nivel.&#8221; button_url=&#8221;https:\/\/wa.me\/525574168513&#8243; button_text=&#8221;\u00a1Inscr\u00edbete ya!&#8221; _builder_version=&#8221;4.27.4&#8243; _module_preset=&#8221;default&#8221; use_background_color=&#8221;off&#8221; custom_button=&#8221;on&#8221; button_text_color=&#8221;#FFFFFF&#8221; global_colors_info=&#8221;{}&#8221;]<\/p>\n<p data-start=\"96\" data-end=\"278\">Inscr\u00edbete hoy y aprende de expertos con experiencia internacional en producci\u00f3n musical, audio inmersivo y la industria de la m\u00fasica.<\/p>\n<p>[\/et_pb_cta][\/et_pb_column][\/et_pb_row][\/et_pb_section]<\/p>\n","protected":false},"excerpt":{"rendered":"<p>Immersiva Lab EducationNuestro compromiso es proporcionar educaci\u00f3n de primer nivel que inspire, capacite y transforme a nuestros estudiantes en profesionales de clase mundial.Con m\u00e1s de 15 a\u00f1os de experiencia en la industria del entrenimiento, dise\u00f1amos e implementamos planes de estudio, certificaciones, cursos y capacitaciones que satisfacen las necesidades de fortalecimiento de los profesionales, as\u00ed como [&hellip;]<\/p>\n","protected":false},"author":1,"featured_media":0,"parent":0,"menu_order":0,"comment_status":"closed","ping_status":"closed","template":"page-template-blank.php","meta":{"_et_pb_use_builder":"on","_et_pb_old_content":"<!-- wp:divi\/placeholder \/-->","_et_gb_content_width":"","footnotes":""},"class_list":["post-53","page","type-page","status-publish","hentry"],"yoast_head":"<!-- This site is optimized with the Yoast SEO plugin v25.8 - https:\/\/yoast.com\/wordpress\/plugins\/seo\/ -->\n<title>Education - Immersiva Lab<\/title>\n<meta name=\"robots\" content=\"index, follow, max-snippet:-1, max-image-preview:large, max-video-preview:-1\" \/>\n<link rel=\"canonical\" href=\"https:\/\/immersivalab.com\/proeducation\/education\/\" \/>\n<meta property=\"og:locale\" content=\"es_MX\" \/>\n<meta property=\"og:type\" content=\"article\" \/>\n<meta property=\"og:title\" content=\"Education - Immersiva Lab\" \/>\n<meta property=\"og:description\" content=\"Immersiva Lab EducationNuestro compromiso es proporcionar educaci\u00f3n de primer nivel que inspire, capacite y transforme a nuestros estudiantes en profesionales de clase mundial.Con m\u00e1s de 15 a\u00f1os de experiencia en la industria del entrenimiento, dise\u00f1amos e implementamos planes de estudio, certificaciones, cursos y capacitaciones que satisfacen las necesidades de fortalecimiento de los profesionales, as\u00ed como [&hellip;]\" \/>\n<meta property=\"og:url\" content=\"https:\/\/immersivalab.com\/proeducation\/education\/\" \/>\n<meta property=\"og:site_name\" content=\"Immersiva Lab\" \/>\n<meta property=\"article:modified_time\" content=\"2026-04-07T20:39:10+00:00\" \/>\n<meta name=\"twitter:card\" content=\"summary_large_image\" \/>\n<script type=\"application\/ld+json\" class=\"yoast-schema-graph\">{\"@context\":\"https:\/\/schema.org\",\"@graph\":[{\"@type\":\"WebPage\",\"@id\":\"https:\/\/immersivalab.com\/proeducation\/education\/\",\"url\":\"https:\/\/immersivalab.com\/proeducation\/education\/\",\"name\":\"Education - Immersiva Lab\",\"isPartOf\":{\"@id\":\"https:\/\/immersivalab.com\/proeducation\/#website\"},\"datePublished\":\"2025-09-29T19:42:27+00:00\",\"dateModified\":\"2026-04-07T20:39:10+00:00\",\"breadcrumb\":{\"@id\":\"https:\/\/immersivalab.com\/proeducation\/education\/#breadcrumb\"},\"inLanguage\":\"es\",\"potentialAction\":[{\"@type\":\"ReadAction\",\"target\":[\"https:\/\/immersivalab.com\/proeducation\/education\/\"]}]},{\"@type\":\"BreadcrumbList\",\"@id\":\"https:\/\/immersivalab.com\/proeducation\/education\/#breadcrumb\",\"itemListElement\":[{\"@type\":\"ListItem\",\"position\":1,\"name\":\"Portada\",\"item\":\"https:\/\/immersivalab.com\/proeducation\/\"},{\"@type\":\"ListItem\",\"position\":2,\"name\":\"Education\"}]},{\"@type\":\"WebSite\",\"@id\":\"https:\/\/immersivalab.com\/proeducation\/#website\",\"url\":\"https:\/\/immersivalab.com\/proeducation\/\",\"name\":\"Immersiva Lab\",\"description\":\"\",\"publisher\":{\"@id\":\"https:\/\/immersivalab.com\/proeducation\/#organization\"},\"potentialAction\":[{\"@type\":\"SearchAction\",\"target\":{\"@type\":\"EntryPoint\",\"urlTemplate\":\"https:\/\/immersivalab.com\/proeducation\/?s={search_term_string}\"},\"query-input\":{\"@type\":\"PropertyValueSpecification\",\"valueRequired\":true,\"valueName\":\"search_term_string\"}}],\"inLanguage\":\"es\"},{\"@type\":\"Organization\",\"@id\":\"https:\/\/immersivalab.com\/proeducation\/#organization\",\"name\":\"Immersiva Lab\",\"url\":\"https:\/\/immersivalab.com\/proeducation\/\",\"logo\":{\"@type\":\"ImageObject\",\"inLanguage\":\"es\",\"@id\":\"https:\/\/immersivalab.com\/proeducation\/#\/schema\/logo\/image\/\",\"url\":\"https:\/\/immersivalab.com\/proeducation\/wp-content\/uploads\/2025\/09\/cropped-LOGO-PRINCIPAL-TXTNEGRO-24-scaled-1.png\",\"contentUrl\":\"https:\/\/immersivalab.com\/proeducation\/wp-content\/uploads\/2025\/09\/cropped-LOGO-PRINCIPAL-TXTNEGRO-24-scaled-1.png\",\"width\":2558,\"height\":516,\"caption\":\"Immersiva Lab\"},\"image\":{\"@id\":\"https:\/\/immersivalab.com\/proeducation\/#\/schema\/logo\/image\/\"}}]}<\/script>\n<!-- \/ Yoast SEO plugin. -->","yoast_head_json":{"title":"Education - Immersiva Lab","robots":{"index":"index","follow":"follow","max-snippet":"max-snippet:-1","max-image-preview":"max-image-preview:large","max-video-preview":"max-video-preview:-1"},"canonical":"https:\/\/immersivalab.com\/proeducation\/education\/","og_locale":"es_MX","og_type":"article","og_title":"Education - Immersiva Lab","og_description":"Immersiva Lab EducationNuestro compromiso es proporcionar educaci\u00f3n de primer nivel que inspire, capacite y transforme a nuestros estudiantes en profesionales de clase mundial.Con m\u00e1s de 15 a\u00f1os de experiencia en la industria del entrenimiento, dise\u00f1amos e implementamos planes de estudio, certificaciones, cursos y capacitaciones que satisfacen las necesidades de fortalecimiento de los profesionales, as\u00ed como [&hellip;]","og_url":"https:\/\/immersivalab.com\/proeducation\/education\/","og_site_name":"Immersiva Lab","article_modified_time":"2026-04-07T20:39:10+00:00","twitter_card":"summary_large_image","schema":{"@context":"https:\/\/schema.org","@graph":[{"@type":"WebPage","@id":"https:\/\/immersivalab.com\/proeducation\/education\/","url":"https:\/\/immersivalab.com\/proeducation\/education\/","name":"Education - Immersiva Lab","isPartOf":{"@id":"https:\/\/immersivalab.com\/proeducation\/#website"},"datePublished":"2025-09-29T19:42:27+00:00","dateModified":"2026-04-07T20:39:10+00:00","breadcrumb":{"@id":"https:\/\/immersivalab.com\/proeducation\/education\/#breadcrumb"},"inLanguage":"es","potentialAction":[{"@type":"ReadAction","target":["https:\/\/immersivalab.com\/proeducation\/education\/"]}]},{"@type":"BreadcrumbList","@id":"https:\/\/immersivalab.com\/proeducation\/education\/#breadcrumb","itemListElement":[{"@type":"ListItem","position":1,"name":"Portada","item":"https:\/\/immersivalab.com\/proeducation\/"},{"@type":"ListItem","position":2,"name":"Education"}]},{"@type":"WebSite","@id":"https:\/\/immersivalab.com\/proeducation\/#website","url":"https:\/\/immersivalab.com\/proeducation\/","name":"Immersiva Lab","description":"","publisher":{"@id":"https:\/\/immersivalab.com\/proeducation\/#organization"},"potentialAction":[{"@type":"SearchAction","target":{"@type":"EntryPoint","urlTemplate":"https:\/\/immersivalab.com\/proeducation\/?s={search_term_string}"},"query-input":{"@type":"PropertyValueSpecification","valueRequired":true,"valueName":"search_term_string"}}],"inLanguage":"es"},{"@type":"Organization","@id":"https:\/\/immersivalab.com\/proeducation\/#organization","name":"Immersiva Lab","url":"https:\/\/immersivalab.com\/proeducation\/","logo":{"@type":"ImageObject","inLanguage":"es","@id":"https:\/\/immersivalab.com\/proeducation\/#\/schema\/logo\/image\/","url":"https:\/\/immersivalab.com\/proeducation\/wp-content\/uploads\/2025\/09\/cropped-LOGO-PRINCIPAL-TXTNEGRO-24-scaled-1.png","contentUrl":"https:\/\/immersivalab.com\/proeducation\/wp-content\/uploads\/2025\/09\/cropped-LOGO-PRINCIPAL-TXTNEGRO-24-scaled-1.png","width":2558,"height":516,"caption":"Immersiva Lab"},"image":{"@id":"https:\/\/immersivalab.com\/proeducation\/#\/schema\/logo\/image\/"}}]}},"_links":{"self":[{"href":"https:\/\/immersivalab.com\/proeducation\/wp-json\/wp\/v2\/pages\/53","targetHints":{"allow":["GET"]}}],"collection":[{"href":"https:\/\/immersivalab.com\/proeducation\/wp-json\/wp\/v2\/pages"}],"about":[{"href":"https:\/\/immersivalab.com\/proeducation\/wp-json\/wp\/v2\/types\/page"}],"author":[{"embeddable":true,"href":"https:\/\/immersivalab.com\/proeducation\/wp-json\/wp\/v2\/users\/1"}],"replies":[{"embeddable":true,"href":"https:\/\/immersivalab.com\/proeducation\/wp-json\/wp\/v2\/comments?post=53"}],"version-history":[{"count":24,"href":"https:\/\/immersivalab.com\/proeducation\/wp-json\/wp\/v2\/pages\/53\/revisions"}],"predecessor-version":[{"id":1302,"href":"https:\/\/immersivalab.com\/proeducation\/wp-json\/wp\/v2\/pages\/53\/revisions\/1302"}],"wp:attachment":[{"href":"https:\/\/immersivalab.com\/proeducation\/wp-json\/wp\/v2\/media?parent=53"}],"curies":[{"name":"wp","href":"https:\/\/api.w.org\/{rel}","templated":true}]}}